{"id":5795,"date":"2025-10-27T15:19:02","date_gmt":"2025-10-27T13:19:02","guid":{"rendered":"https:\/\/www.musical-ensemble-erft.de\/wordpress\/?page_id=5795"},"modified":"2026-03-25T09:37:29","modified_gmt":"2026-03-25T07:37:29","slug":"cast-crew","status":"publish","type":"page","link":"https:\/\/www.musical-ensemble-erft.de\/wordpress\/projekte\/wie-im-himmel\/cast-crew\/","title":{"rendered":"Cast &amp; Crew"},"content":{"rendered":"\n<p><strong>Cast:<\/strong><br><b>Daniel Dar\u00e9us:&nbsp;<\/b>Daniel Wichmann \/ Tim Stranowsky<br><b>Lena:&nbsp;<\/b>Jennifer Boldt \/ Anja Hemmann<br><b>Gabriella:&nbsp;<\/b>Nadine Linden<br><b>Stig Berggren:&nbsp;<\/b>Alexander Geiger<br><b>Inger Berggren: <\/b>Melina Pae\u00dfens \/ Monika Schumacher<br><strong>Amanda: <\/strong>Simone Rothkegel \/ Saskia Rappenh\u00f6ner <br><strong>Arne:<\/strong> Miguel Schlang <br><strong>Conny:<\/strong> Markus B\u00fcrgel <br><strong>Erik: <\/strong>Christoph Pae\u00dfens <br><strong>Florence: <\/strong> Michaela Berg \/ Annika Eggerath<br><strong>Freya:<\/strong> Katrin Janke<br><strong>Holmfrid: <\/strong>Joshua Vithayathil <br><strong>Olga:<\/strong> Sarah Wichmann <br><strong>Siv: <\/strong>Steffi K\u00f6b <br><strong>Tore: <\/strong>Marco Maciejewski<\/p>\n\n\n\n<figure class=\"wp-block-gallery has-nested-images columns-default is-cropped wp-block-gallery-1 is-layout-flex wp-block-gallery-is-layout-flex\">\n<figure class=\"wp-block-image size-large\"><img loading=\"lazy\" decoding=\"async\" width=\"768\" height=\"1024\" data-id=\"5942\" src=\"https:\/\/www.musical-ensemble-erft.de\/wordpress\/wp-content\/uploads\/2026\/03\/Insta_Daniel-768x1024.jpg\" alt=\"\" class=\"wp-image-5942\" srcset=\"https:\/\/www.musical-ensemble-erft.de\/wordpress\/wp-content\/uploads\/2026\/03\/Insta_Daniel-768x1024.jpg 768w, https:\/\/www.musical-ensemble-erft.de\/wordpress\/wp-content\/uploads\/2026\/03\/Insta_Daniel-300x400.jpg 300w, https:\/\/www.musical-ensemble-erft.de\/wordpress\/wp-content\/uploads\/2026\/03\/Insta_Daniel-676x901.jpg 676w, https:\/\/www.musical-ensemble-erft.de\/wordpress\/wp-content\/uploads\/2026\/03\/Insta_Daniel.jpg 1080w\" sizes=\"auto, (max-width: 768px) 100vw, 768px\" \/><\/figure>\n\n\n\n<figure class=\"wp-block-image size-large\"><img loading=\"lazy\" decoding=\"async\" width=\"768\" height=\"1024\" data-id=\"5954\" src=\"https:\/\/www.musical-ensemble-erft.de\/wordpress\/wp-content\/uploads\/2026\/03\/Insta_Tim-768x1024.jpg\" alt=\"\" class=\"wp-image-5954\" srcset=\"https:\/\/www.musical-ensemble-erft.de\/wordpress\/wp-content\/uploads\/2026\/03\/Insta_Tim-768x1024.jpg 768w, https:\/\/www.musical-ensemble-erft.de\/wordpress\/wp-content\/uploads\/2026\/03\/Insta_Tim-300x400.jpg 300w, https:\/\/www.musical-ensemble-erft.de\/wordpress\/wp-content\/uploads\/2026\/03\/Insta_Tim-676x901.jpg 676w, https:\/\/www.musical-ensemble-erft.de\/wordpress\/wp-content\/uploads\/2026\/03\/Insta_Tim.jpg 1080w\" sizes=\"auto, (max-width: 768px) 100vw, 768px\" \/><\/figure>\n\n\n\n<figure class=\"wp-block-image size-large\"><img loading=\"lazy\" decoding=\"async\" width=\"768\" height=\"1024\" data-id=\"5938\" src=\"https:\/\/www.musical-ensemble-erft.de\/wordpress\/wp-content\/uploads\/2026\/03\/Insta_Jenny-768x1024.jpg\" alt=\"\" class=\"wp-image-5938\" srcset=\"https:\/\/www.musical-ensemble-erft.de\/wordpress\/wp-content\/uploads\/2026\/03\/Insta_Jenny-768x1024.jpg 768w, https:\/\/www.musical-ensemble-erft.de\/wordpress\/wp-content\/uploads\/2026\/03\/Insta_Jenny-300x400.jpg 300w, https:\/\/www.musical-ensemble-erft.de\/wordpress\/wp-content\/uploads\/2026\/03\/Insta_Jenny-676x901.jpg 676w, https:\/\/www.musical-ensemble-erft.de\/wordpress\/wp-content\/uploads\/2026\/03\/Insta_Jenny.jpg 1080w\" sizes=\"auto, (max-width: 768px) 100vw, 768px\" \/><\/figure>\n\n\n\n<figure class=\"wp-block-image size-large\"><img loading=\"lazy\" decoding=\"async\" width=\"768\" height=\"1024\" data-id=\"5950\" src=\"https:\/\/www.musical-ensemble-erft.de\/wordpress\/wp-content\/uploads\/2026\/03\/Insta_Anja-768x1024.jpg\" alt=\"\" class=\"wp-image-5950\" srcset=\"https:\/\/www.musical-ensemble-erft.de\/wordpress\/wp-content\/uploads\/2026\/03\/Insta_Anja-768x1024.jpg 768w, https:\/\/www.musical-ensemble-erft.de\/wordpress\/wp-content\/uploads\/2026\/03\/Insta_Anja-300x400.jpg 300w, https:\/\/www.musical-ensemble-erft.de\/wordpress\/wp-content\/uploads\/2026\/03\/Insta_Anja-676x901.jpg 676w, https:\/\/www.musical-ensemble-erft.de\/wordpress\/wp-content\/uploads\/2026\/03\/Insta_Anja.jpg 1080w\" sizes=\"auto, (max-width: 768px) 100vw, 768px\" \/><\/figure>\n\n\n\n<figure class=\"wp-block-image size-large\"><img loading=\"lazy\" decoding=\"async\" width=\"768\" height=\"1024\" data-id=\"5956\" src=\"https:\/\/www.musical-ensemble-erft.de\/wordpress\/wp-content\/uploads\/2026\/03\/Insta_Nadine-768x1024.jpg\" alt=\"\" class=\"wp-image-5956\" srcset=\"https:\/\/www.musical-ensemble-erft.de\/wordpress\/wp-content\/uploads\/2026\/03\/Insta_Nadine-768x1024.jpg 768w, https:\/\/www.musical-ensemble-erft.de\/wordpress\/wp-content\/uploads\/2026\/03\/Insta_Nadine-300x400.jpg 300w, https:\/\/www.musical-ensemble-erft.de\/wordpress\/wp-content\/uploads\/2026\/03\/Insta_Nadine-676x901.jpg 676w, https:\/\/www.musical-ensemble-erft.de\/wordpress\/wp-content\/uploads\/2026\/03\/Insta_Nadine.jpg 1080w\" sizes=\"auto, (max-width: 768px) 100vw, 768px\" \/><\/figure>\n\n\n\n<figure class=\"wp-block-image size-large\"><img loading=\"lazy\" decoding=\"async\" width=\"768\" height=\"1024\" data-id=\"5957\" src=\"https:\/\/www.musical-ensemble-erft.de\/wordpress\/wp-content\/uploads\/2026\/03\/Insta_Alex-768x1024.jpg\" alt=\"\" class=\"wp-image-5957\" srcset=\"https:\/\/www.musical-ensemble-erft.de\/wordpress\/wp-content\/uploads\/2026\/03\/Insta_Alex-768x1024.jpg 768w, https:\/\/www.musical-ensemble-erft.de\/wordpress\/wp-content\/uploads\/2026\/03\/Insta_Alex-300x400.jpg 300w, https:\/\/www.musical-ensemble-erft.de\/wordpress\/wp-content\/uploads\/2026\/03\/Insta_Alex-676x901.jpg 676w, https:\/\/www.musical-ensemble-erft.de\/wordpress\/wp-content\/uploads\/2026\/03\/Insta_Alex.jpg 1080w\" sizes=\"auto, (max-width: 768px) 100vw, 768px\" \/><\/figure>\n\n\n\n<figure class=\"wp-block-image size-large\"><img loading=\"lazy\" decoding=\"async\" width=\"768\" height=\"1024\" data-id=\"5945\" src=\"https:\/\/www.musical-ensemble-erft.de\/wordpress\/wp-content\/uploads\/2026\/03\/Insta_Melina-768x1024.jpg\" alt=\"\" class=\"wp-image-5945\" srcset=\"https:\/\/www.musical-ensemble-erft.de\/wordpress\/wp-content\/uploads\/2026\/03\/Insta_Melina-768x1024.jpg 768w, https:\/\/www.musical-ensemble-erft.de\/wordpress\/wp-content\/uploads\/2026\/03\/Insta_Melina-300x400.jpg 300w, https:\/\/www.musical-ensemble-erft.de\/wordpress\/wp-content\/uploads\/2026\/03\/Insta_Melina-676x901.jpg 676w, https:\/\/www.musical-ensemble-erft.de\/wordpress\/wp-content\/uploads\/2026\/03\/Insta_Melina.jpg 1080w\" sizes=\"auto, (max-width: 768px) 100vw, 768px\" \/><\/figure>\n\n\n\n<figure class=\"wp-block-image size-large\"><img loading=\"lazy\" decoding=\"async\" width=\"768\" height=\"1024\" data-id=\"5944\" src=\"https:\/\/www.musical-ensemble-erft.de\/wordpress\/wp-content\/uploads\/2026\/03\/Insta_Moni-768x1024.jpg\" alt=\"\" class=\"wp-image-5944\" srcset=\"https:\/\/www.musical-ensemble-erft.de\/wordpress\/wp-content\/uploads\/2026\/03\/Insta_Moni-768x1024.jpg 768w, https:\/\/www.musical-ensemble-erft.de\/wordpress\/wp-content\/uploads\/2026\/03\/Insta_Moni-300x400.jpg 300w, https:\/\/www.musical-ensemble-erft.de\/wordpress\/wp-content\/uploads\/2026\/03\/Insta_Moni-676x901.jpg 676w, https:\/\/www.musical-ensemble-erft.de\/wordpress\/wp-content\/uploads\/2026\/03\/Insta_Moni.jpg 1080w\" sizes=\"auto, (max-width: 768px) 100vw, 768px\" \/><\/figure>\n\n\n\n<figure class=\"wp-block-image size-large\"><img loading=\"lazy\" decoding=\"async\" width=\"768\" height=\"1024\" data-id=\"5948\" src=\"https:\/\/www.musical-ensemble-erft.de\/wordpress\/wp-content\/uploads\/2026\/03\/Insta_Simone-768x1024.jpg\" alt=\"\" class=\"wp-image-5948\" srcset=\"https:\/\/www.musical-ensemble-erft.de\/wordpress\/wp-content\/uploads\/2026\/03\/Insta_Simone-768x1024.jpg 768w, https:\/\/www.musical-ensemble-erft.de\/wordpress\/wp-content\/uploads\/2026\/03\/Insta_Simone-300x400.jpg 300w, https:\/\/www.musical-ensemble-erft.de\/wordpress\/wp-content\/uploads\/2026\/03\/Insta_Simone-676x901.jpg 676w, https:\/\/www.musical-ensemble-erft.de\/wordpress\/wp-content\/uploads\/2026\/03\/Insta_Simone.jpg 1080w\" sizes=\"auto, (max-width: 768px) 100vw, 768px\" \/><\/figure>\n\n\n\n<figure class=\"wp-block-image size-large\"><img loading=\"lazy\" decoding=\"async\" width=\"768\" height=\"1024\" data-id=\"5949\" src=\"https:\/\/www.musical-ensemble-erft.de\/wordpress\/wp-content\/uploads\/2026\/03\/Insta_Saskia-768x1024.jpg\" alt=\"\" class=\"wp-image-5949\" srcset=\"https:\/\/www.musical-ensemble-erft.de\/wordpress\/wp-content\/uploads\/2026\/03\/Insta_Saskia-768x1024.jpg 768w, https:\/\/www.musical-ensemble-erft.de\/wordpress\/wp-content\/uploads\/2026\/03\/Insta_Saskia-300x400.jpg 300w, https:\/\/www.musical-ensemble-erft.de\/wordpress\/wp-content\/uploads\/2026\/03\/Insta_Saskia-676x901.jpg 676w, https:\/\/www.musical-ensemble-erft.de\/wordpress\/wp-content\/uploads\/2026\/03\/Insta_Saskia.jpg 1080w\" sizes=\"auto, (max-width: 768px) 100vw, 768px\" \/><\/figure>\n\n\n\n<figure class=\"wp-block-image size-large\"><img loading=\"lazy\" decoding=\"async\" width=\"768\" height=\"1024\" data-id=\"5955\" src=\"https:\/\/www.musical-ensemble-erft.de\/wordpress\/wp-content\/uploads\/2026\/03\/Insta_Miguel-768x1024.jpg\" alt=\"\" class=\"wp-image-5955\" srcset=\"https:\/\/www.musical-ensemble-erft.de\/wordpress\/wp-content\/uploads\/2026\/03\/Insta_Miguel-768x1024.jpg 768w, https:\/\/www.musical-ensemble-erft.de\/wordpress\/wp-content\/uploads\/2026\/03\/Insta_Miguel-300x400.jpg 300w, https:\/\/www.musical-ensemble-erft.de\/wordpress\/wp-content\/uploads\/2026\/03\/Insta_Miguel-676x901.jpg 676w, https:\/\/www.musical-ensemble-erft.de\/wordpress\/wp-content\/uploads\/2026\/03\/Insta_Miguel.jpg 1080w\" sizes=\"auto, (max-width: 768px) 100vw, 768px\" \/><\/figure>\n\n\n\n<figure class=\"wp-block-image size-large\"><img loading=\"lazy\" decoding=\"async\" width=\"768\" height=\"1024\" data-id=\"5952\" src=\"https:\/\/www.musical-ensemble-erft.de\/wordpress\/wp-content\/uploads\/2026\/03\/Insta_Markus-768x1024.jpg\" alt=\"\" class=\"wp-image-5952\" srcset=\"https:\/\/www.musical-ensemble-erft.de\/wordpress\/wp-content\/uploads\/2026\/03\/Insta_Markus-768x1024.jpg 768w, https:\/\/www.musical-ensemble-erft.de\/wordpress\/wp-content\/uploads\/2026\/03\/Insta_Markus-300x400.jpg 300w, https:\/\/www.musical-ensemble-erft.de\/wordpress\/wp-content\/uploads\/2026\/03\/Insta_Markus-676x901.jpg 676w, https:\/\/www.musical-ensemble-erft.de\/wordpress\/wp-content\/uploads\/2026\/03\/Insta_Markus.jpg 1080w\" sizes=\"auto, (max-width: 768px) 100vw, 768px\" \/><\/figure>\n\n\n\n<figure class=\"wp-block-image size-large\"><img loading=\"lazy\" decoding=\"async\" width=\"768\" height=\"1024\" data-id=\"5939\" src=\"https:\/\/www.musical-ensemble-erft.de\/wordpress\/wp-content\/uploads\/2026\/03\/Insta_Chris-768x1024.jpg\" alt=\"\" class=\"wp-image-5939\" srcset=\"https:\/\/www.musical-ensemble-erft.de\/wordpress\/wp-content\/uploads\/2026\/03\/Insta_Chris-768x1024.jpg 768w, https:\/\/www.musical-ensemble-erft.de\/wordpress\/wp-content\/uploads\/2026\/03\/Insta_Chris-300x400.jpg 300w, https:\/\/www.musical-ensemble-erft.de\/wordpress\/wp-content\/uploads\/2026\/03\/Insta_Chris-676x901.jpg 676w, https:\/\/www.musical-ensemble-erft.de\/wordpress\/wp-content\/uploads\/2026\/03\/Insta_Chris.jpg 1080w\" sizes=\"auto, (max-width: 768px) 100vw, 768px\" \/><\/figure>\n\n\n\n<figure class=\"wp-block-image size-large\"><img loading=\"lazy\" decoding=\"async\" width=\"768\" height=\"1024\" data-id=\"5940\" src=\"https:\/\/www.musical-ensemble-erft.de\/wordpress\/wp-content\/uploads\/2026\/03\/Insta_Michi-768x1024.jpg\" alt=\"\" class=\"wp-image-5940\" srcset=\"https:\/\/www.musical-ensemble-erft.de\/wordpress\/wp-content\/uploads\/2026\/03\/Insta_Michi-768x1024.jpg 768w, https:\/\/www.musical-ensemble-erft.de\/wordpress\/wp-content\/uploads\/2026\/03\/Insta_Michi-300x400.jpg 300w, https:\/\/www.musical-ensemble-erft.de\/wordpress\/wp-content\/uploads\/2026\/03\/Insta_Michi-676x901.jpg 676w, https:\/\/www.musical-ensemble-erft.de\/wordpress\/wp-content\/uploads\/2026\/03\/Insta_Michi.jpg 1080w\" sizes=\"auto, (max-width: 768px) 100vw, 768px\" \/><\/figure>\n\n\n\n<figure class=\"wp-block-image size-large\"><img loading=\"lazy\" decoding=\"async\" width=\"768\" height=\"1024\" data-id=\"5943\" src=\"https:\/\/www.musical-ensemble-erft.de\/wordpress\/wp-content\/uploads\/2026\/03\/Insta_Anni-768x1024.jpg\" alt=\"\" class=\"wp-image-5943\" srcset=\"https:\/\/www.musical-ensemble-erft.de\/wordpress\/wp-content\/uploads\/2026\/03\/Insta_Anni-768x1024.jpg 768w, https:\/\/www.musical-ensemble-erft.de\/wordpress\/wp-content\/uploads\/2026\/03\/Insta_Anni-300x400.jpg 300w, https:\/\/www.musical-ensemble-erft.de\/wordpress\/wp-content\/uploads\/2026\/03\/Insta_Anni-676x901.jpg 676w, https:\/\/www.musical-ensemble-erft.de\/wordpress\/wp-content\/uploads\/2026\/03\/Insta_Anni.jpg 1080w\" sizes=\"auto, (max-width: 768px) 100vw, 768px\" \/><\/figure>\n\n\n\n<figure class=\"wp-block-image size-large\"><img loading=\"lazy\" decoding=\"async\" width=\"768\" height=\"1024\" data-id=\"5941\" src=\"https:\/\/www.musical-ensemble-erft.de\/wordpress\/wp-content\/uploads\/2026\/03\/Insta_Katrin-768x1024.jpg\" alt=\"\" class=\"wp-image-5941\" srcset=\"https:\/\/www.musical-ensemble-erft.de\/wordpress\/wp-content\/uploads\/2026\/03\/Insta_Katrin-768x1024.jpg 768w, https:\/\/www.musical-ensemble-erft.de\/wordpress\/wp-content\/uploads\/2026\/03\/Insta_Katrin-300x400.jpg 300w, https:\/\/www.musical-ensemble-erft.de\/wordpress\/wp-content\/uploads\/2026\/03\/Insta_Katrin-676x901.jpg 676w, https:\/\/www.musical-ensemble-erft.de\/wordpress\/wp-content\/uploads\/2026\/03\/Insta_Katrin.jpg 1080w\" sizes=\"auto, (max-width: 768px) 100vw, 768px\" \/><\/figure>\n\n\n\n<figure class=\"wp-block-image size-large\"><img loading=\"lazy\" decoding=\"async\" width=\"768\" height=\"1024\" data-id=\"5951\" src=\"https:\/\/www.musical-ensemble-erft.de\/wordpress\/wp-content\/uploads\/2026\/03\/Insta_Joshua-768x1024.jpg\" alt=\"\" class=\"wp-image-5951\" srcset=\"https:\/\/www.musical-ensemble-erft.de\/wordpress\/wp-content\/uploads\/2026\/03\/Insta_Joshua-768x1024.jpg 768w, https:\/\/www.musical-ensemble-erft.de\/wordpress\/wp-content\/uploads\/2026\/03\/Insta_Joshua-300x400.jpg 300w, https:\/\/www.musical-ensemble-erft.de\/wordpress\/wp-content\/uploads\/2026\/03\/Insta_Joshua-676x901.jpg 676w, https:\/\/www.musical-ensemble-erft.de\/wordpress\/wp-content\/uploads\/2026\/03\/Insta_Joshua.jpg 1080w\" sizes=\"auto, (max-width: 768px) 100vw, 768px\" \/><\/figure>\n\n\n\n<figure class=\"wp-block-image size-large\"><img loading=\"lazy\" decoding=\"async\" width=\"768\" height=\"1024\" data-id=\"5953\" src=\"https:\/\/www.musical-ensemble-erft.de\/wordpress\/wp-content\/uploads\/2026\/03\/Insta_Sarah-768x1024.jpg\" alt=\"\" class=\"wp-image-5953\" srcset=\"https:\/\/www.musical-ensemble-erft.de\/wordpress\/wp-content\/uploads\/2026\/03\/Insta_Sarah-768x1024.jpg 768w, https:\/\/www.musical-ensemble-erft.de\/wordpress\/wp-content\/uploads\/2026\/03\/Insta_Sarah-300x400.jpg 300w, https:\/\/www.musical-ensemble-erft.de\/wordpress\/wp-content\/uploads\/2026\/03\/Insta_Sarah-676x901.jpg 676w, https:\/\/www.musical-ensemble-erft.de\/wordpress\/wp-content\/uploads\/2026\/03\/Insta_Sarah.jpg 1080w\" sizes=\"auto, (max-width: 768px) 100vw, 768px\" \/><\/figure>\n\n\n\n<figure class=\"wp-block-image size-large\"><img loading=\"lazy\" decoding=\"async\" width=\"768\" height=\"1024\" data-id=\"5937\" src=\"https:\/\/www.musical-ensemble-erft.de\/wordpress\/wp-content\/uploads\/2026\/03\/Insta_Steffi-768x1024.jpg\" alt=\"\" class=\"wp-image-5937\" srcset=\"https:\/\/www.musical-ensemble-erft.de\/wordpress\/wp-content\/uploads\/2026\/03\/Insta_Steffi-768x1024.jpg 768w, https:\/\/www.musical-ensemble-erft.de\/wordpress\/wp-content\/uploads\/2026\/03\/Insta_Steffi-300x400.jpg 300w, https:\/\/www.musical-ensemble-erft.de\/wordpress\/wp-content\/uploads\/2026\/03\/Insta_Steffi-676x901.jpg 676w, https:\/\/www.musical-ensemble-erft.de\/wordpress\/wp-content\/uploads\/2026\/03\/Insta_Steffi.jpg 1080w\" sizes=\"auto, (max-width: 768px) 100vw, 768px\" \/><\/figure>\n\n\n\n<figure class=\"wp-block-image size-large\"><img loading=\"lazy\" decoding=\"async\" width=\"768\" height=\"1024\" data-id=\"5958\" src=\"https:\/\/www.musical-ensemble-erft.de\/wordpress\/wp-content\/uploads\/2026\/03\/Insta_Marco-768x1024.jpg\" alt=\"\" class=\"wp-image-5958\" srcset=\"https:\/\/www.musical-ensemble-erft.de\/wordpress\/wp-content\/uploads\/2026\/03\/Insta_Marco-768x1024.jpg 768w, https:\/\/www.musical-ensemble-erft.de\/wordpress\/wp-content\/uploads\/2026\/03\/Insta_Marco-300x400.jpg 300w, https:\/\/www.musical-ensemble-erft.de\/wordpress\/wp-content\/uploads\/2026\/03\/Insta_Marco-676x901.jpg 676w, https:\/\/www.musical-ensemble-erft.de\/wordpress\/wp-content\/uploads\/2026\/03\/Insta_Marco.jpg 1080w\" sizes=\"auto, (max-width: 768px) 100vw, 768px\" \/><\/figure>\n<\/figure>\n\n\n\n<p><strong>Orchester:<\/strong> <br><b>Violine: <\/b>Luzie Teufel-Aras<br><strong>Cello:<\/strong> Hannah Schmitz<br><b>Fl\u00f6te \/ Piccolo \/ Klarinette:&nbsp;<\/b>Ricarda Baldauf<br><b>Horn: <\/b>Linus Bey<br><b>Keyboard:&nbsp;<\/b>Benedikt Haastert<br><b>Keyboard:&nbsp;<\/b>Jordan Toms<br><b>Keyboard \/ Saxophon:&nbsp;<\/b>Nick Otte<br><b>Gitarre:<\/b> Jonas Leberger<br><b>Bass:&nbsp;<\/b>David Schmitz<br><b>Drums: <\/b>Kai Gladbach<br><\/p>\n\n\n\n<p><strong>K\u00fcnstlerische Gesamtleitung &amp; Regie:<\/strong> Barbara K\u00f6rner-Franck<br><strong>Musikalische Leitung &amp; Dirigat: <\/strong>David Pesch<\/p>\n\n\n\n<figure class=\"wp-block-gallery has-nested-images columns-default is-cropped wp-block-gallery-2 is-layout-flex wp-block-gallery-is-layout-flex\">\n<figure class=\"wp-block-image size-large\"><img loading=\"lazy\" decoding=\"async\" width=\"768\" height=\"1024\" data-id=\"5946\" src=\"https:\/\/www.musical-ensemble-erft.de\/wordpress\/wp-content\/uploads\/2026\/03\/Insta_Barbara-768x1024.jpg\" alt=\"\" class=\"wp-image-5946\" srcset=\"https:\/\/www.musical-ensemble-erft.de\/wordpress\/wp-content\/uploads\/2026\/03\/Insta_Barbara-768x1024.jpg 768w, https:\/\/www.musical-ensemble-erft.de\/wordpress\/wp-content\/uploads\/2026\/03\/Insta_Barbara-300x400.jpg 300w, https:\/\/www.musical-ensemble-erft.de\/wordpress\/wp-content\/uploads\/2026\/03\/Insta_Barbara-676x901.jpg 676w, https:\/\/www.musical-ensemble-erft.de\/wordpress\/wp-content\/uploads\/2026\/03\/Insta_Barbara.jpg 1080w\" sizes=\"auto, (max-width: 768px) 100vw, 768px\" \/><\/figure>\n\n\n\n<figure class=\"wp-block-image size-large\"><img loading=\"lazy\" decoding=\"async\" width=\"768\" height=\"1024\" data-id=\"5947\" src=\"https:\/\/www.musical-ensemble-erft.de\/wordpress\/wp-content\/uploads\/2026\/03\/Insta_David-768x1024.jpg\" alt=\"\" class=\"wp-image-5947\" srcset=\"https:\/\/www.musical-ensemble-erft.de\/wordpress\/wp-content\/uploads\/2026\/03\/Insta_David-768x1024.jpg 768w, https:\/\/www.musical-ensemble-erft.de\/wordpress\/wp-content\/uploads\/2026\/03\/Insta_David-300x400.jpg 300w, https:\/\/www.musical-ensemble-erft.de\/wordpress\/wp-content\/uploads\/2026\/03\/Insta_David-676x901.jpg 676w, https:\/\/www.musical-ensemble-erft.de\/wordpress\/wp-content\/uploads\/2026\/03\/Insta_David.jpg 1080w\" sizes=\"auto, (max-width: 768px) 100vw, 768px\" \/><\/figure>\n<\/figure>\n\n\n\n<p><br><strong>Lichtdesign: <\/strong>Marco Maciejewski<br><strong>Visuals:<\/strong> Marco Maciejewski &amp; Miguel Schlang<br><strong>Fotografie: <\/strong>Jana M\u00fcller<\/p>\n\n\n\n<p><strong>Veranstaltungstechnik: <\/strong><a href=\"http:\/\/totalanders.de\" target=\"_blank\" rel=\"noopener noreferrer\">total anders. Licht Ton B\u00fchne.<\/a><br><\/p>\n\n\n\n<p>WIE IM HIMMEL<br>Buch von Kay Pollak &amp; Carin Pollak<br>Liedtexte von Carin Pollak &amp; Fredrik Kempe<br>Musik von Fredrik Kempe<br>Mitarbeit am Manuskript: Edward af Sill\u00e9n<br>Arrangements: Karl-Johan Ankarblom<br>Aus dem Schwedischen von Gabriele Haefs<br>Deutsche Fassung von Roman Hinze<br>Regisseur der Originalinszenierung: Markus Virta<br>Originalproduzenten: Vicky &amp; Johan von der Lancken<br>Gabriellas Song: Music: Stefan Nilsson, Lyrics: Py B\u00e4ckman<br>WIE IM HIMMEL wurde am 13.9.2018 im Oscarsteatern in Stockholm uraufgef\u00fchrt in einer Produktion von Vicky N\u00f6jesproduktion und 2 Entertain<\/p>\n\n\n\n<p><\/p>\n\n\n\n<p>Die \u00dcbertragung des Auff\u00fchrungsrechtes erfolgt in \u00dcbereinkunft mit der GALLISSAS Theaterverlag und Mediaagentur&nbsp;GmbH.<\/p>\n\n\n\n<p>Die Auff\u00fchrung von WIE IM HIMMEL wird freundlich unterst\u00fctzt von der Kolpingstadt Kerpen, dem Kulturamt des Rhein-Erft-Kreises und der Kreissparkasse K\u00f6ln.<\/p>\n","protected":false},"excerpt":{"rendered":"<p>Cast:Daniel Dar\u00e9us:&nbsp;Daniel Wichmann \/ Tim StranowskyLena:&nbsp;Jennifer Boldt \/ Anja HemmannGabriella:&nbsp;Nadine LindenStig Berggren:&nbsp;Alexander GeigerInger Berggren: Melina Pae\u00dfens \/ Monika SchumacherAmanda: Simone Rothkegel \/ Saskia Rappenh\u00f6ner Arne: Miguel Schlang Conny: Markus B\u00fcrgel Erik: Christoph Pae\u00dfens Florence: Michaela Berg \/ Annika EggerathFreya: Katrin JankeHolmfrid: Joshua Vithayathil Olga: Sarah Wichmann Siv: Steffi K\u00f6b Tore: Marco Maciejewski Orchester: Violine: Luzie [&hellip;]<\/p>\n","protected":false},"author":1,"featured_media":0,"parent":5774,"menu_order":0,"comment_status":"closed","ping_status":"closed","template":"","meta":{"footnotes":""},"class_list":["post-5795","page","type-page","status-publish","hentry","post-preview"],"_links":{"self":[{"href":"https:\/\/www.musical-ensemble-erft.de\/wordpress\/wp-json\/wp\/v2\/pages\/5795","targetHints":{"allow":["GET"]}}],"collection":[{"href":"https:\/\/www.musical-ensemble-erft.de\/wordpress\/wp-json\/wp\/v2\/pages"}],"about":[{"href":"https:\/\/www.musical-ensemble-erft.de\/wordpress\/wp-json\/wp\/v2\/types\/page"}],"author":[{"embeddable":true,"href":"https:\/\/www.musical-ensemble-erft.de\/wordpress\/wp-json\/wp\/v2\/users\/1"}],"replies":[{"embeddable":true,"href":"https:\/\/www.musical-ensemble-erft.de\/wordpress\/wp-json\/wp\/v2\/comments?post=5795"}],"version-history":[{"count":12,"href":"https:\/\/www.musical-ensemble-erft.de\/wordpress\/wp-json\/wp\/v2\/pages\/5795\/revisions"}],"predecessor-version":[{"id":5960,"href":"https:\/\/www.musical-ensemble-erft.de\/wordpress\/wp-json\/wp\/v2\/pages\/5795\/revisions\/5960"}],"up":[{"embeddable":true,"href":"https:\/\/www.musical-ensemble-erft.de\/wordpress\/wp-json\/wp\/v2\/pages\/5774"}],"wp:attachment":[{"href":"https:\/\/www.musical-ensemble-erft.de\/wordpress\/wp-json\/wp\/v2\/media?parent=5795"}],"curies":[{"name":"wp","href":"https:\/\/api.w.org\/{rel}","templated":true}]}}